{"id":107,"date":"2021-01-11T16:32:03","date_gmt":"2021-01-11T16:32:03","guid":{"rendered":"http:\/\/joaonora.com\/?page_id=107"},"modified":"2021-01-27T15:22:53","modified_gmt":"2021-01-27T15:22:53","slug":"bio","status":"publish","type":"page","link":"https:\/\/joaonora.com\/index.php\/bio\/","title":{"rendered":""},"content":{"rendered":"\n<p> <\/p>\n\n\n\n<p>Jo\u00e3o Nora, 1979<\/p>\n\n\n\n<p>Vive e trabalha em\nCoimbra.<\/p>\n\n\n\n<p>Licenciatura em Pintura, ARCA-Escola Universit\u00e1ria das Artes de Coimbra, (2002).<\/p>\n\n\n\n<p>Curso Avan\u00e7ado de Artes Visuais, MAUMAUS, Lisboa (2004\/05). <\/p>\n\n\n\n<p>Mestrado em Artes Pl\u00e1sticas, ARCA-Escola Universit\u00e1ria das Artes de Coimbra, (2010).<\/p>\n\n\n\n<p>Actualmente frequenta o curso de Doutoramento em Arte Contempor\u00e2nea no Col\u00e9gio das Artes da Universidade de Coimbra.<\/p>\n\n\n\n<p><\/p>\n\n\n\n<p><\/p>\n\n\n\n<p><span class=\"has-inline-color has-light-gray-color\">Exposi\u00e7\u00f5es individuais (selec\u00e7\u00e3o):<\/span><\/p>\n\n\n\n<p>Iconmarch\u00e9, Galeria Pedro Oliveira, Sala Post-ite, (Porto, 2006); <\/p>\n\n\n\n<p>Projecto Mimesis, Galeria Gra\u00e7a. Brand\u00e3o (Porto, 2006); <\/p>\n\n\n\n<p>\u00d3leo Sobre Tela, Projecto Ap\u00eandice, (Porto, 2007);          <\/p>\n\n\n\n<p>Projecto R, Galeria Gra\u00e7a.Brand\u00e3o (Porto, 2007); <\/p>\n\n\n\n<p>MySpace, Galeria Gra\u00e7a.Brand\u00e3o (Lisboa, 2009); <\/p>\n\n\n\n<p>Diante de mim, mais demorada do que nunca, CAPC &#8211; C\u00edrculo de Artes Pl\u00e1sticas de Coimbra (Coimbra, 2015).<\/p>\n\n\n\n<p><\/p>\n\n\n\n<p><\/p>\n\n\n\n<p><span class=\"has-inline-color has-light-gray-color\">Exposi\u00e7\u00f5es colectivas (selec\u00e7\u00e3o): <\/span><\/p>\n\n\n\n<p>Projektraum &#8211; The Art of Critical Thinking and Transmuting Experience: Film and Video, comissariado por Ren\u00e9e Green e J\u00fcrgen Bock, Kunstraum (Innsbruck, 2005);<em> <\/em><\/p>\n\n\n\n<p><em>GPO031031405<\/em>, comissariado por Miguel Amado, Galeria Pedro Oliveira (Porto, 2005); <\/p>\n\n\n\n<p><em>Em Fractura # Seagulls, Viriato, Copyrights and Skips<\/em>, Hangar K7, Fundi\u00e7\u00e3o de Oeiras (Oeiras, 2005); <\/p>\n\n\n\n<p><em>A Arquitectura como Qualquer Coisa de Provis\u00f3rio<\/em>, Projecto Alta de Lisboa, Lisboaphoto 2005 (Lisboa, 2005); <\/p>\n\n\n\n<p><em>O Discurso do Excesso # The Art of Crithical Thinking<\/em>, Hangar K7, Fundi\u00e7\u00e3o de Oeiras (Oeiras, 2005); <\/p>\n\n\n\n<p>FUSO, Anual de V\u00eddeo Arte Internacional de Lisboa, comissariado por Elsa Aleluia e Jean-Fran\u00e7ois Chougnet, BES Arte &amp; Finan\u00e7a (Lisboa, 2007); <\/p>\n\n\n\n<p>Museu s.m., comissariado por Catarina Portelinha, Museu Nacional Machado de Castro (Coimbra, 2010); <\/p>\n\n\n\n<p><em>25 frames por segundo, v\u00eddeos da colec\u00e7\u00e3o da Funda\u00e7\u00e3o PLMJ,<\/em> Centro Cultural Brasil Mo\u00e7ambique (Maputo, 2010); <\/p>\n\n\n\n<p>Atlas Secreto, Curadoria Jo\u00e3o Fonte Santa e Martinho Costa, Espa\u00e7o Mira (Porto, 2014);  <\/p>\n\n\n\n<p>Sempre uma Coisa a Seguir \u00e0 Outra, Bienal Anozero&#8217;15, comissariado por Laborat\u00f3rio CAPC e Lu\u00edsa Santos, Museu da Ci\u00eancia (Coimbra, 2015);  <\/p>\n\n\n\n<p>Motel Coimbra #3, Doutorandos de Arte Contempor\u00e2nea, Col\u00e9gio das Artes da Universidade de Coimbra (Coimbra, 2016); <\/p>\n\n\n\n<p>A Preto &amp; Branco na colec\u00e7\u00e3o da Funda\u00e7\u00e3o PLMJ, comissariado por Jo\u00e3o Silv\u00e9rio, Sociedade Nacional de Belas Artes (Lisboa, 2018); <\/p>\n\n\n\n<p>Art in Motion, Video Art in Portugal, comissariado por Jorge Sim\u00f5es, MAM &#8211; Museu de Arte de Macau (Macau, 2019).<\/p>\n\n\n\n<p><\/p>\n\n\n\n<p><\/p>\n\n\n\n<p><span class=\"has-inline-color has-light-gray-color\">Colec\u00e7\u00f5es:<\/span><\/p>\n\n\n\n<p>CAPC &#8211; C\u00edrculo de Artes Pl\u00e1sticas de Coimbra <\/p>\n\n\n\n<p>Funda\u00e7\u00e3o PLMJ <\/p>\n\n\n\n<p> Colec\u00e7\u00e3o Norlinda e Jos\u00e9 Lima<\/p>\n","protected":false},"excerpt":{"rendered":"<p>Jo\u00e3o Nora, 1979 Vive e trabalha em Coimbra. Licenciatura em Pintura, ARCA-Escola Universit\u00e1ria das Artes de Coimbra, (2002). Curso Avan\u00e7ado de Artes Visuais, MAUMAUS, Lisboa (2004\/05). Mestrado em Artes Pl\u00e1sticas, ARCA-Escola Universit\u00e1ria das Artes de Coimbra, (2010). Actualmente frequenta o curso de Doutoramento em Arte Contempor\u00e2nea no Col\u00e9gio das Artes da Universidade de Coimbra. Exposi\u00e7\u00f5es [&hellip;]<\/p>\n","protected":false},"author":1,"featured_media":0,"parent":0,"menu_order":0,"comment_status":"closed","ping_status":"closed","template":"","meta":{"footnotes":""},"class_list":["post-107","page","type-page","status-publish","hentry","missing-thumbnail"],"_links":{"self":[{"href":"https:\/\/joaonora.com\/index.php\/wp-json\/wp\/v2\/pages\/107"}],"collection":[{"href":"https:\/\/joaonora.com\/index.php\/wp-json\/wp\/v2\/pages"}],"about":[{"href":"https:\/\/joaonora.com\/index.php\/wp-json\/wp\/v2\/types\/page"}],"author":[{"embeddable":true,"href":"https:\/\/joaonora.com\/index.php\/wp-json\/wp\/v2\/users\/1"}],"replies":[{"embeddable":true,"href":"https:\/\/joaonora.com\/index.php\/wp-json\/wp\/v2\/comments?post=107"}],"version-history":[{"count":18,"href":"https:\/\/joaonora.com\/index.php\/wp-json\/wp\/v2\/pages\/107\/revisions"}],"predecessor-version":[{"id":290,"href":"https:\/\/joaonora.com\/index.php\/wp-json\/wp\/v2\/pages\/107\/revisions\/290"}],"wp:attachment":[{"href":"https:\/\/joaonora.com\/index.php\/wp-json\/wp\/v2\/media?parent=107"}],"curies":[{"name":"wp","href":"https:\/\/api.w.org\/{rel}","templated":true}]}}